{"version":"1.0","provider_name":"Municipalidad de Laja","provider_url":"https:\/\/munilaja.cl\/w","author_name":"Administrador","author_url":"https:\/\/munilaja.cl\/w\/author\/rssmunilaja\/","title":"Jard\u00edn Infantil Arco\u00edris celebr\u00f3 15 a\u00f1os de vida. - Municipalidad de Laja","type":"rich","width":600,"height":338,"html":"<blockquote class=\"wp-embedded-content\" data-secret=\"13B39Z2rsn\"><a href=\"https:\/\/munilaja.cl\/w\/jardin-infantil-arcoiris-celebro-15-anos-de-vida\/\">Jard\u00edn Infantil Arco\u00edris celebr\u00f3 15 a\u00f1os de vida.<\/a><\/blockquote><iframe sandbox=\"allow-scripts\" security=\"restricted\" src=\"https:\/\/munilaja.cl\/w\/jardin-infantil-arcoiris-celebro-15-anos-de-vida\/embed\/#?secret=13B39Z2rsn\" width=\"600\" height=\"338\" title=\"\u00abJard\u00edn Infantil Arco\u00edris celebr\u00f3 15 a\u00f1os de vida.\u00bb \u2014 Municipalidad de Laja\" data-secret=\"13B39Z2rsn\" frameborder=\"0\" marginwidth=\"0\" marginheight=\"0\" scrolling=\"no\" class=\"wp-embedded-content\"><\/iframe><script type=\"text\/javascript\">\n\/* <![CDATA[ *\/\n\/*! This file is auto-generated *\/\n!function(d,l){\"use strict\";l.querySelector&&d.addEventListener&&\"undefined\"!=typeof URL&&(d.wp=d.wp||{},d.wp.receiveEmbedMessage||(d.wp.receiveEmbedMessage=function(e){var t=e.data;if((t||t.secret||t.message||t.value)&&!\/[^a-zA-Z0-9]\/.test(t.secret)){for(var s,r,n,a=l.querySelectorAll('iframe[data-secret=\"'+t.secret+'\"]'),o=l.querySelectorAll('blockquote[data-secret=\"'+t.secret+'\"]'),c=new RegExp(\"^https?:$\",\"i\"),i=0;i<o.length;i++)o[i].style.display=\"none\";for(i=0;i<a.length;i++)s=a[i],e.source===s.contentWindow&&(s.removeAttribute(\"style\"),\"height\"===t.message?(1e3<(r=parseInt(t.value,10))?r=1e3:~~r<200&&(r=200),s.height=r):\"link\"===t.message&&(r=new URL(s.getAttribute(\"src\")),n=new URL(t.value),c.test(n.protocol))&&n.host===r.host&&l.activeElement===s&&(d.top.location.href=t.value))}},d.addEventListener(\"message\",d.wp.receiveEmbedMessage,!1),l.addEventListener(\"DOMContentLoaded\",function(){for(var e,t,s=l.querySelectorAll(\"iframe.wp-embedded-content\"),r=0;r<s.length;r++)(t=(e=s[r]).getAttribute(\"data-secret\"))||(t=Math.random().toString(36).substring(2,12),e.src+=\"#?secret=\"+t,e.setAttribute(\"data-secret\",t)),e.contentWindow.postMessage({message:\"ready\",secret:t},\"*\")},!1)))}(window,document);\n\/* ]]> *\/\n<\/script>\n","thumbnail_url":"https:\/\/munilaja.cl\/w\/wp-content\/uploads\/2022\/10\/IMG_8614-scaled.jpg","thumbnail_width":2560,"thumbnail_height":1707,"description":"El Jard\u00edn Infantil y Sala Cuna Arco\u00edris, ubicado en el sector Altos del Laja, celebr\u00f3 15 a\u00f1os de vida, siendo una opci\u00f3n educacional m\u00e1s para las familias del sector. Su sello est\u00e1 centrado en el fomento del cuidado medioambiental. Para el \u00f3ptimo funcionamiento, el jard\u00edn infantil y sala cuna cuenta con todo lo necesario para [&hellip;]"}