{"version":"1.0","provider_name":"Municipalidad de Laja","provider_url":"https:\/\/munilaja.cl\/w","author_name":"Administrador","author_url":"https:\/\/munilaja.cl\/w\/author\/rssmunilaja\/","title":"B\u00fasqueda Activa est\u00e9 mi\u00e9rcoles 15 de diciembre. - Municipalidad de Laja","type":"rich","width":600,"height":338,"html":"<blockquote class=\"wp-embedded-content\" data-secret=\"t5HtUpQmQL\"><a href=\"https:\/\/munilaja.cl\/w\/busqueda-activa-este-miercoles-15-de-diciembre\/\">B\u00fasqueda Activa est\u00e9 mi\u00e9rcoles 15 de diciembre.<\/a><\/blockquote><iframe sandbox=\"allow-scripts\" security=\"restricted\" src=\"https:\/\/munilaja.cl\/w\/busqueda-activa-este-miercoles-15-de-diciembre\/embed\/#?secret=t5HtUpQmQL\" width=\"600\" height=\"338\" title=\"\u00abB\u00fasqueda Activa est\u00e9 mi\u00e9rcoles 15 de diciembre.\u00bb \u2014 Municipalidad de Laja\" data-secret=\"t5HtUpQmQL\" frameborder=\"0\" marginwidth=\"0\" marginheight=\"0\" scrolling=\"no\" class=\"wp-embedded-content\"><\/iframe><script type=\"text\/javascript\">\n\/* <![CDATA[ *\/\n\/*! This file is auto-generated *\/\n!function(d,l){\"use strict\";l.querySelector&&d.addEventListener&&\"undefined\"!=typeof URL&&(d.wp=d.wp||{},d.wp.receiveEmbedMessage||(d.wp.receiveEmbedMessage=function(e){var t=e.data;if((t||t.secret||t.message||t.value)&&!\/[^a-zA-Z0-9]\/.test(t.secret)){for(var s,r,n,a=l.querySelectorAll('iframe[data-secret=\"'+t.secret+'\"]'),o=l.querySelectorAll('blockquote[data-secret=\"'+t.secret+'\"]'),c=new RegExp(\"^https?:$\",\"i\"),i=0;i<o.length;i++)o[i].style.display=\"none\";for(i=0;i<a.length;i++)s=a[i],e.source===s.contentWindow&&(s.removeAttribute(\"style\"),\"height\"===t.message?(1e3<(r=parseInt(t.value,10))?r=1e3:~~r<200&&(r=200),s.height=r):\"link\"===t.message&&(r=new URL(s.getAttribute(\"src\")),n=new URL(t.value),c.test(n.protocol))&&n.host===r.host&&l.activeElement===s&&(d.top.location.href=t.value))}},d.addEventListener(\"message\",d.wp.receiveEmbedMessage,!1),l.addEventListener(\"DOMContentLoaded\",function(){for(var e,t,s=l.querySelectorAll(\"iframe.wp-embedded-content\"),r=0;r<s.length;r++)(t=(e=s[r]).getAttribute(\"data-secret\"))||(t=Math.random().toString(36).substring(2,12),e.src+=\"#?secret=\"+t,e.setAttribute(\"data-secret\",t)),e.contentWindow.postMessage({message:\"ready\",secret:t},\"*\")},!1)))}(window,document);\n\/* ]]> *\/\n<\/script>\n","thumbnail_url":"https:\/\/munilaja.cl\/w\/wp-content\/uploads\/2021\/12\/toma-pcr-15-diciembre-1.jpg","thumbnail_width":1772,"thumbnail_height":1772,"description":"Este mi\u00e9rcoles 15 a las 10:00 horas se realizar\u00e1 una b\u00fasqueda activa en la plaza de armas de nuestra comuna. Quienes deseen la toma de PCR, deben portar su c\u00e9dula de identidad. Luego del examen, deja alg\u00fan n\u00famero de contacto para la entrega de resultados. No nos relajemos; debemos seguir cuid\u00e1ndonos para evitar la propagaci\u00f3n [&hellip;]"}